{"id":118,"date":"2018-09-25T08:08:50","date_gmt":"2018-09-25T08:08:50","guid":{"rendered":"http:\/\/www.m-moeri.ch\/neu\/?page_id=118"},"modified":"2025-08-09T17:40:48","modified_gmt":"2025-08-09T17:40:48","slug":"agenda","status":"publish","type":"page","link":"https:\/\/www.m-moeri.ch\/neu\/agenda\/","title":{"rendered":"Agenda"},"content":{"rendered":"\t\t<div class=\"elementor elementor-118\">\n\t\t\t<div class=\"elementor-inner\">\n\t\t\t\t<div class=\"elementor-section-wrap\">\n\t\t\t\t\t\t\t<section data-id=\"c09651c\" class=\"elementor-element elementor-element-c09651c elementor-section-boxed elementor-section-height-default elementor-section-height-default elementor-section elementor-top-section\" data-element_type=\"section\">\n\t\t\t\t\t\t<div class=\"elementor-container elementor-column-gap-default\">\n\t\t\t\t<div class=\"elementor-row\">\n\t\t\t\t<div data-id=\"2586c71\" class=\"elementor-element elementor-element-2586c71 hideleft elementor-column elementor-col-33 elementor-top-column\" data-element_type=\"column\">\n\t\t\t<div class=\"elementor-column-wrap elementor-element-populated\">\n\t\t\t\t\t<div class=\"elementor-widget-wrap\">\n\t\t\t\t<div data-id=\"d29d5f0\" class=\"elementor-element elementor-element-d29d5f0 elementor-hidden-tablet elementor-hidden-phone elementor-widget elementor-widget-image\" data-element_type=\"image.default\">\n\t\t\t\t<div class=\"elementor-widget-container\">\n\t\t\t\t\t<div class=\"elementor-image\">\n\t\t\t\t\t\t\t\t\t\t<img loading=\"lazy\" decoding=\"async\" width=\"150\" height=\"1000\" src=\"https:\/\/www.m-moeri.ch\/neu\/wp-content\/uploads\/2018\/09\/logosmall.png\" class=\"attachment-large size-large\" alt=\"\" srcset=\"https:\/\/www.m-moeri.ch\/neu\/wp-content\/uploads\/2018\/09\/logosmall.png 150w, https:\/\/www.m-moeri.ch\/neu\/wp-content\/uploads\/2018\/09\/logosmall-45x300.png 45w\" sizes=\"auto, (max-width: 150px) 85vw, 150px\" \/>\t\t\t\t\t\t\t\t\t\t\t<\/div>\n\t\t\t\t<\/div>\n\t\t\t\t<\/div>\n\t\t\t\t\t\t<\/div>\n\t\t\t<\/div>\n\t\t<\/div>\n\t\t\t\t<div data-id=\"50c7c14\" class=\"elementor-element elementor-element-50c7c14 elementor-column elementor-col-66 elementor-top-column\" data-element_type=\"column\">\n\t\t\t<div class=\"elementor-column-wrap elementor-element-populated\">\n\t\t\t\t\t<div class=\"elementor-widget-wrap\">\n\t\t\t\t<section data-id=\"8376240\" class=\"elementor-element elementor-element-8376240 elementor-section-boxed elementor-section-height-default elementor-section-height-default elementor-section elementor-inner-section\" data-element_type=\"section\">\n\t\t\t\t\t\t<div class=\"elementor-container elementor-column-gap-default\">\n\t\t\t\t<div class=\"elementor-row\">\n\t\t\t\t<div data-id=\"add4135\" class=\"elementor-element elementor-element-add4135 elementor-column elementor-col-100 elementor-inner-column\" data-element_type=\"column\">\n\t\t\t<div class=\"elementor-column-wrap elementor-element-populated\">\n\t\t\t\t\t<div class=\"elementor-widget-wrap\">\n\t\t\t\t<div data-id=\"2a6e3c6\" class=\"elementor-element elementor-element-2a6e3c6 elementor-align-left elementor-widget elementor-widget-default-navmenu\" data-element_type=\"default-navmenu.default\">\n\t\t\t\t<div class=\"elementor-widget-container\">\n\t\t\t<div id=\"elementor-header-primary\" class=\"elementor-header\">\t\t\t<button id=\"elementor-menu-toggle\" class=\"elementor-menu-toggle\"><i class=\"fa fa-navicon\"><\/i><\/button>\n\t\t\t<div id=\"elementor-menu\" class=\"elementor-menu\">\n\t\t\t\n\t\t\t\t<nav itemtype=\"http:\/\/schema.org\/SiteNavigationElement\" itemscope=\"itemscope\" id=\"elementor-navigation\" class=\"elementor-navigation\" role=\"navigation\" aria-label=\"Elementor Menu\">\t\t\t\t\n\t\t\t\t<ul id=\"elementor-navmenu\" class=\"elementor-nav-menu\"><li id=\"menu-item-67\" class=\"menu-item menu-item-type-post_type menu-item-object-page menu-item-home menu-item-has-children menu-item-67\"><a href=\"https:\/\/www.m-moeri.ch\/neu\/\">Home<\/a>\n<ul class=\"sub-menu\">\n\t<li id=\"menu-item-543\" class=\"menu-item menu-item-type-post_type menu-item-object-page menu-item-543\"><a href=\"https:\/\/www.m-moeri.ch\/neu\/empfehlung\/\">Empfehlung<\/a><\/li>\n<\/ul>\n<\/li>\n<li id=\"menu-item-120\" class=\"menu-item menu-item-type-post_type menu-item-object-page menu-item-120\"><a href=\"https:\/\/www.m-moeri.ch\/neu\/agenda\/\">Agenda<\/a><\/li>\n<li id=\"menu-item-151\" class=\"menu-item menu-item-type-post_type menu-item-object-page menu-item-151\"><a href=\"https:\/\/www.m-moeri.ch\/neu\/programme\/\">Programme<\/a><\/li>\n<li id=\"menu-item-223\" class=\"menu-item menu-item-type-post_type menu-item-object-page menu-item-223\"><a href=\"https:\/\/www.m-moeri.ch\/neu\/presse\/\">Presse<\/a><\/li>\n<li id=\"menu-item-164\" class=\"menu-item menu-item-type-post_type menu-item-object-page menu-item-164\"><a href=\"https:\/\/www.m-moeri.ch\/neu\/links\/\">Links<\/a><\/li>\n<li id=\"menu-item-188\" class=\"menu-item menu-item-type-post_type menu-item-object-page menu-item-has-children menu-item-188\"><a href=\"https:\/\/www.m-moeri.ch\/neu\/musik\/\">Musik<\/a>\n<ul class=\"sub-menu\">\n\t<li id=\"menu-item-191\" class=\"menu-item menu-item-type-post_type menu-item-object-page menu-item-191\"><a href=\"https:\/\/www.m-moeri.ch\/neu\/volksmusik\/\">Volksmusik<\/a><\/li>\n\t<li id=\"menu-item-273\" class=\"menu-item menu-item-type-post_type menu-item-object-page menu-item-273\"><a href=\"https:\/\/www.m-moeri.ch\/neu\/cd\/\">CD<\/a><\/li>\n<\/ul>\n<\/li>\n<li id=\"menu-item-327\" class=\"menu-item menu-item-type-post_type menu-item-object-page menu-item-has-children menu-item-327\"><a href=\"https:\/\/www.m-moeri.ch\/neu\/bilder\/\">Bilder<\/a>\n<ul class=\"sub-menu\">\n\t<li id=\"menu-item-348\" class=\"menu-item menu-item-type-post_type menu-item-object-page menu-item-348\"><a href=\"https:\/\/www.m-moeri.ch\/neu\/operette\/\">Operette \/ Oper<\/a><\/li>\n\t<li id=\"menu-item-397\" class=\"menu-item menu-item-type-post_type menu-item-object-page menu-item-397\"><a href=\"https:\/\/www.m-moeri.ch\/neu\/madrigal\/\">Madrigal<\/a><\/li>\n\t<li id=\"menu-item-481\" class=\"menu-item menu-item-type-post_type menu-item-object-page menu-item-481\"><a href=\"https:\/\/www.m-moeri.ch\/neu\/weinsinnig\/\">Weinsinnig<\/a><\/li>\n\t<li id=\"menu-item-480\" class=\"menu-item menu-item-type-post_type menu-item-object-page menu-item-480\"><a href=\"https:\/\/www.m-moeri.ch\/neu\/studioaufnahmen\/\">Studioaufnahmen<\/a><\/li>\n\t<li id=\"menu-item-479\" class=\"menu-item menu-item-type-post_type menu-item-object-page menu-item-479\"><a href=\"https:\/\/www.m-moeri.ch\/neu\/jodel\/\">Jodel<\/a><\/li>\n\t<li id=\"menu-item-478\" class=\"menu-item menu-item-type-post_type menu-item-object-page menu-item-478\"><a href=\"https:\/\/www.m-moeri.ch\/neu\/rosen\/\">Rosen<\/a><\/li>\n\t<li id=\"menu-item-491\" class=\"menu-item menu-item-type-post_type menu-item-object-page menu-item-491\"><a href=\"https:\/\/www.m-moeri.ch\/neu\/advent\/\">Advent<\/a><\/li>\n<\/ul>\n<\/li>\n<li id=\"menu-item-245\" class=\"menu-item menu-item-type-post_type menu-item-object-page menu-item-245\"><a href=\"https:\/\/www.m-moeri.ch\/neu\/kontakt\/\">Kontakt<\/a><\/li>\n<\/ul>\t\t\n\t\t\t\t\t\t\t\t<\/nav>\n\t\t\t<\/div>\n\t\t<\/div>\n\t\t\t\t<\/div>\n\t\t\t\t<\/div>\n\t\t\t\t\t\t<\/div>\n\t\t\t<\/div>\n\t\t<\/div>\n\t\t\t\t\t\t<\/div>\n\t\t\t<\/div>\n\t\t<\/section>\n\t\t\t\t<div data-id=\"e3fad32\" class=\"elementor-element elementor-element-e3fad32 elementor-widget elementor-widget-smartslider\" data-element_type=\"smartslider.default\">\n\t\t\t\t<div class=\"elementor-widget-container\">\n\t\t\t\t\t<\/div>\n\t\t\t\t<\/div>\n\t\t\t\t<section data-id=\"534d8d1\" class=\"elementor-element elementor-element-534d8d1 elementor-section-boxed elementor-section-height-default elementor-section-height-default elementor-section elementor-inner-section\" data-element_type=\"section\">\n\t\t\t\t\t\t<div class=\"elementor-container elementor-column-gap-default\">\n\t\t\t\t<div class=\"elementor-row\">\n\t\t\t\t<div data-id=\"4940b65\" class=\"elementor-element elementor-element-4940b65 elementor-column elementor-col-50 elementor-inner-column\" data-element_type=\"column\">\n\t\t\t<div class=\"elementor-column-wrap elementor-element-populated\">\n\t\t\t\t\t<div class=\"elementor-widget-wrap\">\n\t\t\t\t<div data-id=\"dd80174\" class=\"elementor-element elementor-element-dd80174 elementor-hidden-phone elementor-widget elementor-widget-image\" data-element_type=\"image.default\">\n\t\t\t\t<div class=\"elementor-widget-container\">\n\t\t\t\t\t<div class=\"elementor-image\">\n\t\t\t\t\t\t\t\t\t\t<img loading=\"lazy\" decoding=\"async\" width=\"167\" height=\"536\" src=\"https:\/\/www.m-moeri.ch\/neu\/wp-content\/uploads\/2018\/09\/margarite_konzerte.jpg\" class=\"attachment-large size-large\" alt=\"\" \/>\t\t\t\t\t\t\t\t\t\t\t<\/div>\n\t\t\t\t<\/div>\n\t\t\t\t<\/div>\n\t\t\t\t\t\t<\/div>\n\t\t\t<\/div>\n\t\t<\/div>\n\t\t\t\t<div data-id=\"ba80238\" class=\"elementor-element elementor-element-ba80238 elementor-column elementor-col-50 elementor-inner-column\" data-element_type=\"column\">\n\t\t\t<div class=\"elementor-column-wrap elementor-element-populated\">\n\t\t\t\t\t<div class=\"elementor-widget-wrap\">\n\t\t\t\t<div data-id=\"1d9087e\" class=\"elementor-element elementor-element-1d9087e elementor-widget elementor-widget-accordion\" data-element_type=\"accordion.default\">\n\t\t\t\t<div class=\"elementor-widget-container\">\n\t\t\t\t\t<div class=\"elementor-accordion\" role=\"tablist\">\n\t\t\t\t\t\t\t<div class=\"elementor-accordion-item\">\n\t\t\t\t\t<div id=\"elementor-tab-title-3101\" class=\"elementor-tab-title\" tabindex=\"3101\" data-tab=\"1\" role=\"tab\" aria-controls=\"elementor-tab-content-3101\">\n\t\t\t\t\t\t\t\t\t\t\t\t<span class=\"elementor-accordion-icon elementor-accordion-icon-left\" aria-hidden=\"true\">\n\t\t\t\t\t\t\t<i class=\"elementor-accordion-icon-closed fa fa-plus\"><\/i>\n\t\t\t\t\t\t\t<i class=\"elementor-accordion-icon-opened fa fa-minus\"><\/i>\n\t\t\t\t\t\t<\/span>\n\t\t\t\t\t\t\t\t\t\t\t\t2025\t\t\t\t\t<\/div>\n\t\t\t\t\t<div id=\"elementor-tab-content-3101\" class=\"elementor-tab-content elementor-clearfix\" data-tab=\"1\" role=\"tabpanel\" aria-labelledby=\"elementor-tab-title-3101\"><div><p>Temple Del\u00e9mont<br \/><strong>24. Aout, 10:00 h<\/strong><br \/>Culte Bilingue et Musicale<br \/>Pasteur John Ebbutt<br \/>Accomp. par le Trio &#171;AlpenXang&#187;<\/p><\/div><\/div>\n\t\t\t\t<\/div>\n\t\t\t\t\t\t\t<div class=\"elementor-accordion-item\">\n\t\t\t\t\t<div id=\"elementor-tab-title-3102\" class=\"elementor-tab-title\" tabindex=\"3102\" data-tab=\"2\" role=\"tab\" aria-controls=\"elementor-tab-content-3102\">\n\t\t\t\t\t\t\t\t\t\t\t\t<span class=\"elementor-accordion-icon elementor-accordion-icon-left\" aria-hidden=\"true\">\n\t\t\t\t\t\t\t<i class=\"elementor-accordion-icon-closed fa fa-plus\"><\/i>\n\t\t\t\t\t\t\t<i class=\"elementor-accordion-icon-opened fa fa-minus\"><\/i>\n\t\t\t\t\t\t<\/span>\n\t\t\t\t\t\t\t\t\t\t\t\t2024\t\t\t\t\t<\/div>\n\t\t\t\t\t<div id=\"elementor-tab-content-3102\" class=\"elementor-tab-content elementor-clearfix\" data-tab=\"2\" role=\"tabpanel\" aria-labelledby=\"elementor-tab-title-3102\"><div><p>Culte a l\u2019\u00e9glise reform\u00e9e du Jura \u201cTemple\u201d Del\u00e9mont<strong><br \/>25.8.2024 10:00 <\/strong>La Group Yodleuse \u00abAlpenXang\u00bb de Gitta Moeri<\/p><\/div><\/div>\n\t\t\t\t<\/div>\n\t\t\t\t\t\t\t<div class=\"elementor-accordion-item\">\n\t\t\t\t\t<div id=\"elementor-tab-title-3103\" class=\"elementor-tab-title\" tabindex=\"3103\" data-tab=\"3\" role=\"tab\" aria-controls=\"elementor-tab-content-3103\">\n\t\t\t\t\t\t\t\t\t\t\t\t<span class=\"elementor-accordion-icon elementor-accordion-icon-left\" aria-hidden=\"true\">\n\t\t\t\t\t\t\t<i class=\"elementor-accordion-icon-closed fa fa-plus\"><\/i>\n\t\t\t\t\t\t\t<i class=\"elementor-accordion-icon-opened fa fa-minus\"><\/i>\n\t\t\t\t\t\t<\/span>\n\t\t\t\t\t\t\t\t\t\t\t\t2023\t\t\t\t\t<\/div>\n\t\t\t\t\t<div id=\"elementor-tab-content-3103\" class=\"elementor-tab-content elementor-clearfix\" data-tab=\"3\" role=\"tabpanel\" aria-labelledby=\"elementor-tab-title-3103\"><div><p><strong>29.10.2023 19.30 h <\/strong>Abendgottesdienst Gerlikon \/ Frauenfeld Jodelterzett<\/p><p><strong>03.09.2023\u00a011:00h<\/strong> Gottesdienst La Jocotterie, Undervelier, JU<\/p><p><strong>05.03.2023\u00a015:00<\/strong> Tag der Kranken \u00abLa Residence\u00bb Schaffhausen<\/p><p><strong>26.04.2023\u00a014.30h<\/strong> Mittwoch Geburtstagsmusik\u00a0Wohn- und Pflegezentrum Eschlikon<br \/>Bethesda Alterszentren AG, Kapellstrasse 10, 8360 Eschlikon<\/p><\/div><\/div>\n\t\t\t\t<\/div>\n\t\t\t\t\t\t\t<div class=\"elementor-accordion-item\">\n\t\t\t\t\t<div id=\"elementor-tab-title-3104\" class=\"elementor-tab-title\" tabindex=\"3104\" data-tab=\"4\" role=\"tab\" aria-controls=\"elementor-tab-content-3104\">\n\t\t\t\t\t\t\t\t\t\t\t\t<span class=\"elementor-accordion-icon elementor-accordion-icon-left\" aria-hidden=\"true\">\n\t\t\t\t\t\t\t<i class=\"elementor-accordion-icon-closed fa fa-plus\"><\/i>\n\t\t\t\t\t\t\t<i class=\"elementor-accordion-icon-opened fa fa-minus\"><\/i>\n\t\t\t\t\t\t<\/span>\n\t\t\t\t\t\t\t\t\t\t\t\t2021\t\t\t\t\t<\/div>\n\t\t\t\t\t<div id=\"elementor-tab-content-3104\" class=\"elementor-tab-content elementor-clearfix\" data-tab=\"4\" role=\"tabpanel\" aria-labelledby=\"elementor-tab-title-3104\"><div><p><strong>24.12. 2012 22.30<br \/><\/strong>Mitternachtsgottesdienst, Ellikon an der Thur, Sologesang und Orgel<\/p><\/div><\/div>\n\t\t\t\t<\/div>\n\t\t\t\t\t\t\t<div class=\"elementor-accordion-item\">\n\t\t\t\t\t<div id=\"elementor-tab-title-3105\" class=\"elementor-tab-title\" tabindex=\"3105\" data-tab=\"5\" role=\"tab\" aria-controls=\"elementor-tab-content-3105\">\n\t\t\t\t\t\t\t\t\t\t\t\t<span class=\"elementor-accordion-icon elementor-accordion-icon-left\" aria-hidden=\"true\">\n\t\t\t\t\t\t\t<i class=\"elementor-accordion-icon-closed fa fa-plus\"><\/i>\n\t\t\t\t\t\t\t<i class=\"elementor-accordion-icon-opened fa fa-minus\"><\/i>\n\t\t\t\t\t\t<\/span>\n\t\t\t\t\t\t\t\t\t\t\t\t2020\t\t\t\t\t<\/div>\n\t\t\t\t\t<div id=\"elementor-tab-content-3105\" class=\"elementor-tab-content elementor-clearfix\" data-tab=\"5\" role=\"tabpanel\" aria-labelledby=\"elementor-tab-title-3105\"><div><p><strong>29.11.2020<\/strong> evangelische Kirche Gachnang, Gottesdienst Installation Pfrn. S. Sch\u00fctz und Pfr. D. Oestermann FrauenART<\/p><p><strong>27.09.2020<\/strong> evangelische Kirche Gachnang, Spezieller Gottesdienst Verabschiedung Christian Herrmann und Ruth Schaer, Ensemble Gachnang<\/p><p><strong>05.09.2020 11:00<\/strong> Jacotterie Undervelier JU <span style=\"color: #ff0000;\">Abgesagt<\/span><\/p><p><strong>23.-26.06.2020<\/strong> EJV\u00a0 Basel<\/p><p><strong>14.03.2020 15:30<\/strong><br \/>Senioren Regio Treff MZH Pfyn Lieder&amp;Jodel us \u00fcsere Schuelzit, Duo Margrit&amp;Helga <span style=\"color: #ff0000;\">Abgesagt<\/span><\/p><p><strong>27.02.2020<\/strong> Abdankung privat<\/p><p><strong>15.01.2020<\/strong> Abdankung Privat<\/p><\/div><\/div>\n\t\t\t\t<\/div>\n\t\t\t\t\t\t\t<div class=\"elementor-accordion-item\">\n\t\t\t\t\t<div id=\"elementor-tab-title-3106\" class=\"elementor-tab-title\" tabindex=\"3106\" data-tab=\"6\" role=\"tab\" aria-controls=\"elementor-tab-content-3106\">\n\t\t\t\t\t\t\t\t\t\t\t\t<span class=\"elementor-accordion-icon elementor-accordion-icon-left\" aria-hidden=\"true\">\n\t\t\t\t\t\t\t<i class=\"elementor-accordion-icon-closed fa fa-plus\"><\/i>\n\t\t\t\t\t\t\t<i class=\"elementor-accordion-icon-opened fa fa-minus\"><\/i>\n\t\t\t\t\t\t<\/span>\n\t\t\t\t\t\t\t\t\t\t\t\t2019\t\t\t\t\t<\/div>\n\t\t\t\t\t<div id=\"elementor-tab-content-3106\" class=\"elementor-tab-content elementor-clearfix\" data-tab=\"6\" role=\"tabpanel\" aria-labelledby=\"elementor-tab-title-3106\"><p><strong>24.12.2019, 22:30<\/strong><br \/>Gottesdienst am Heiligabend in Thalheim<br \/>Ort: Kirche Thalheim<br \/>Pfr. Christoph T. Waldmeier<br \/>Gottesdienst am Heiligabend mit Pfr. Christoph T. Waldmeier<br \/>mit Abendmahl<br \/>Orgel: Elena Meister<br \/>Gesang: Margrit M\u00f6ri Fehr<br \/>Kollekte: Heilsarmee Winterthur Wohnheim<\/p><p><strong>24.12.2019 18:00<\/strong><br \/>Weihnachtsandacht <br \/>evangelische Kirche Ganchnang Musik Vokal Track<\/p><p><strong>24.11.2019 09:30<\/strong><br \/>Evangelische Kirche Gachnang<br \/>EWIGKEITSSONNTAG<br \/>Festlicher Gottesdienst in Erinnerung an die Verstorbenen 2019 <br \/>PREDIGT mit MUSIK<\/p><p><strong>01.09.2019<\/strong><br \/>Stubete Trachtengruppe Pfyn, Trotte Pfyn ab 13:00<br \/>Duo Sommerrosen<\/p><p><strong>25.08.2019<\/strong><br \/>Abendgottesdienst mit Kirchenchor, Kapelle Gerlikon<\/p><p><strong>18.08.2019, 11.00<\/strong><br \/>evangelischer Feldgottesdienst mit anschliessendem grillieren<br \/>Loewenburg, Ederswiler JU<\/p><p><strong>11.08.2019, 10:00<\/strong><br \/>Spitalgottesdienst Uster<\/p><p><strong>22.06.2019<\/strong><br \/>Jodlerfest Winterthur<br \/>Strickhof, 10:30<\/p><p><strong>Mai<\/strong><br \/>\u00c4lplibar<\/p><p><strong>M\u00e4rz<\/strong><br \/>Stubetre Weiningen<\/p><\/div>\n\t\t\t\t<\/div>\n\t\t\t\t\t\t\t<div class=\"elementor-accordion-item\">\n\t\t\t\t\t<div id=\"elementor-tab-title-3107\" class=\"elementor-tab-title\" tabindex=\"3107\" data-tab=\"7\" role=\"tab\" aria-controls=\"elementor-tab-content-3107\">\n\t\t\t\t\t\t\t\t\t\t\t\t<span class=\"elementor-accordion-icon elementor-accordion-icon-left\" aria-hidden=\"true\">\n\t\t\t\t\t\t\t<i class=\"elementor-accordion-icon-closed fa fa-plus\"><\/i>\n\t\t\t\t\t\t\t<i class=\"elementor-accordion-icon-opened fa fa-minus\"><\/i>\n\t\t\t\t\t\t<\/span>\n\t\t\t\t\t\t\t\t\t\t\t\t2018\t\t\t\t\t<\/div>\n\t\t\t\t\t<div id=\"elementor-tab-content-3107\" class=\"elementor-tab-content elementor-clearfix\" data-tab=\"7\" role=\"tabpanel\" aria-labelledby=\"elementor-tab-title-3107\"><p><strong>Sonntag 1.Advent 2.12.2018<\/strong><br \/>evangelische Kirche Gachnang, Solo mit Kirchenchor im GD<\/p><p><strong>22.11.2018, 20.00<\/strong><br \/>\u00c4lplibar ZH<\/p><p><strong>2.9.2018, 11.00<\/strong><br \/>GD Oec Jacotterie Undervelier<\/p><p><strong>26.8.2018, 10.00<\/strong><br \/>Chilbi GD Kirch Lindau ZH<\/p><p><strong>8.2018<\/strong><br \/>Abd. Bernauer \u00dcbern C. Glaus<\/p><p><strong>23.6.2018, 11.06<\/strong><br \/>ZSJV Sch\u00f6tz<\/p><p><strong>17.6.2018, 10.00<\/strong><br \/>GD Henggart<\/p><p><strong>25.4.2018, 20.15<\/strong><br \/>Diri Vertretung<\/p><p><strong>18.4.2018, 20.15<\/strong><br \/>Diri Vertretung, Gachnang<\/p><p><strong>4.2018<\/strong><br \/>Abdankung K\u00e4ser<\/p><p><strong>4.2018<\/strong><br \/>Ad. Casutt, Osterwalder<\/p><p><strong>3.2018<\/strong><br \/>Abd. Embrach<\/p><p><strong>17.3.2018<\/strong><br \/>Einweihung Robert Fehr AG<\/p><p><strong>14.2.2018, 14.00<\/strong><br \/>Pflegeheim Stammheim<\/p><p><strong>1.2018<\/strong><br \/>Abd.Fam. Huber, St. Arbogast, Winterthur<\/p><\/div>\n\t\t\t\t<\/div>\n\t\t\t\t\t\t\t<div class=\"elementor-accordion-item\">\n\t\t\t\t\t<div id=\"elementor-tab-title-3108\" class=\"elementor-tab-title\" tabindex=\"3108\" data-tab=\"8\" role=\"tab\" aria-controls=\"elementor-tab-content-3108\">\n\t\t\t\t\t\t\t\t\t\t\t\t<span class=\"elementor-accordion-icon elementor-accordion-icon-left\" aria-hidden=\"true\">\n\t\t\t\t\t\t\t<i class=\"elementor-accordion-icon-closed fa fa-plus\"><\/i>\n\t\t\t\t\t\t\t<i class=\"elementor-accordion-icon-opened fa fa-minus\"><\/i>\n\t\t\t\t\t\t<\/span>\n\t\t\t\t\t\t\t\t\t\t\t\t2017\t\t\t\t\t<\/div>\n\t\t\t\t\t<div id=\"elementor-tab-content-3108\" class=\"elementor-tab-content elementor-clearfix\" data-tab=\"8\" role=\"tabpanel\" aria-labelledby=\"elementor-tab-title-3108\"><p><strong>10.12.2017,1700<\/strong><br \/>Konzert evangelische Kirche Gachnang<\/p><p><strong>06.12.2017<\/strong><br \/>ev. 17:00 ohne Gew\u00e4hr, Konzert Kapelle Klingenzellerhof<\/p><p><strong>24.09.2017, 13.00<\/strong><br \/>Geburtstag, privat, Leo &amp; Gitta, Jodelsolo mit Akkordeon<\/p><p><strong>03.09.2017, 11.00 Uhr<\/strong><br \/>Gottesdienst Kirchgem. Bassecout vorauss. Jacotterie, bei schlechter Witterung ev. Kirch Bassecourt. Jodelduett mit Leo Akkordeon<\/p><p><strong>01.08.2017, 19.30<\/strong><br \/>Bundesfeier Hoher Hischberg, Appenzell<\/p><p><strong>01.08.2017, 14.00<\/strong><br \/>Bundesfeier, Pflegezentrum K\u00e4ferberg, Emil-Kl\u00f6tistrasse \/\u00a0Z\u00fcrich<\/p><div><p><strong>23. &amp; 24. 06.2017<\/strong><br \/>Eidgen\u00f6ssisches Jodlerfest Brig Glis, Solo Wettvortrag und freier Vortrag.<br \/><strong>24.6.:<\/strong><br \/>10:50 Wettvortrag Einzeljodel Kirche Brig<br \/>14:08 Freier Vortrag<br \/>15:15 Freier Vortrag<\/p><p><strong>14.04.2017 09.30 Uhr<\/strong><br \/>Evangelische Kirche Gachnang, Karfreitagsgottesdient (Stabat Mater, Pergolesi)<\/p><p><strong>05.03.2017 14:30 Uhr<\/strong><br \/>Tag der Kranken, Alterszentrum R\u00f6ssogasse B\u00fclach, 2. Stock<\/p><p><strong>15.02.2017<\/strong><br \/>Begr\u00e4bnis G\u00f6tti, Fritz M\u00f6ri, Bassecourt<\/p><p><strong>Februar 2017<\/strong><br \/>Begr\u00e4bnis Gertrud Oertli, Ossingen<\/p><\/div><\/div>\n\t\t\t\t<\/div>\n\t\t\t\t\t\t\t<div class=\"elementor-accordion-item\">\n\t\t\t\t\t<div id=\"elementor-tab-title-3109\" class=\"elementor-tab-title\" tabindex=\"3109\" data-tab=\"9\" role=\"tab\" aria-controls=\"elementor-tab-content-3109\">\n\t\t\t\t\t\t\t\t\t\t\t\t<span class=\"elementor-accordion-icon elementor-accordion-icon-left\" aria-hidden=\"true\">\n\t\t\t\t\t\t\t<i class=\"elementor-accordion-icon-closed fa fa-plus\"><\/i>\n\t\t\t\t\t\t\t<i class=\"elementor-accordion-icon-opened fa fa-minus\"><\/i>\n\t\t\t\t\t\t<\/span>\n\t\t\t\t\t\t\t\t\t\t\t\t2016\t\t\t\t\t<\/div>\n\t\t\t\t\t<div id=\"elementor-tab-content-3109\" class=\"elementor-tab-content elementor-clearfix\" data-tab=\"9\" role=\"tabpanel\" aria-labelledby=\"elementor-tab-title-3109\"><p><strong>25.12.2016 09.30<\/strong><br \/>Evangelische Kirche Rickenbach ZH<br \/>Weihnachtsgottesdienst<br \/>J\u00fcrg Leuthart Liturgie<br \/>Margrit M\u00f6ri Fehr Gesang<br \/>Klara Brugger Orgel<\/p><p><strong>10.09.2016 19.00 \/ Ap\u00e9ro ab 18:00<\/strong><br \/>\u00ab\u00dcBERALL DU\u00bb<br \/>sehnsuchtsvoll, leidenschaftlich, romantische \u00abLIEBESPOST\u00bb<br \/>mit dem internationalen TRIO DI-VINO &amp; Postillion<br \/>Musiksaal Musikinsel Rheinau.<\/p><p><strong>02.07.2016 Jodlerfest Gossau <\/strong><br \/>Freier Vortrag 11:00 Lokal G, (offen)<br \/>Wettvortrag 20.15 Lokal A, F\u00fcrstenberghalle<\/p><p><strong>25.06.2016 16:18<\/strong><br \/>Lokal A Jodlerfest Sch\u00fcpfheim, Niklaus Hess, Akkordeon<\/p><p><strong>19.06.2016 19:30<\/strong><br \/>Pfarreisaal Hofkirche Luzern, Solo klassisch mit Royal Consort Winterthur<\/p><p><strong>04.06.2016 15:54<\/strong><br \/>Lokal A Jodlerfest Steffisburg, Leo Inauen Akkordeon<\/p><p><strong>04.06.2016 11:00<\/strong><br \/>Jodlerfest Gossau- Freie Vortr\u00e4ge\u2013 offene B\u00fchne<\/p><p><strong>08.05.2016 16:00<\/strong><br \/>Jodel &amp; Akkordeon Gitta und Leo<br \/>Restaurant Klingenzellerhof, Eschenz<\/p><p><strong>24.04.2016<\/strong><br \/>Kantatengottesdienst <strong>Buchs<\/strong><br \/>O felicissimus paradisi aspectus,<br \/>Kantate Joh. Rosenm\u00fcller,<br \/>Solosopran &amp; Royalconsort..<\/p><p><strong>16.02.2016<\/strong><br \/>Landfrauen-Versammlung<br \/><strong>Stammheim<\/strong><br \/>Jodel- &amp; Volkslieder<\/p><\/div>\n\t\t\t\t<\/div>\n\t\t\t\t\t\t\t<div class=\"elementor-accordion-item\">\n\t\t\t\t\t<div id=\"elementor-tab-title-31010\" class=\"elementor-tab-title\" tabindex=\"31010\" data-tab=\"10\" role=\"tab\" aria-controls=\"elementor-tab-content-31010\">\n\t\t\t\t\t\t\t\t\t\t\t\t<span class=\"elementor-accordion-icon elementor-accordion-icon-left\" aria-hidden=\"true\">\n\t\t\t\t\t\t\t<i class=\"elementor-accordion-icon-closed fa fa-plus\"><\/i>\n\t\t\t\t\t\t\t<i class=\"elementor-accordion-icon-opened fa fa-minus\"><\/i>\n\t\t\t\t\t\t<\/span>\n\t\t\t\t\t\t\t\t\t\t\t\t2015\t\t\t\t\t<\/div>\n\t\t\t\t\t<div id=\"elementor-tab-content-31010\" class=\"elementor-tab-content elementor-clearfix\" data-tab=\"10\" role=\"tabpanel\" aria-labelledby=\"elementor-tab-title-31010\"><p><strong>25.12.2015 09.30<\/strong><br \/>Weihnachtsgottesdienst Evangelische Kirche <strong>Gachnang<\/strong><br \/>Orgel-Sopran<\/p><p><strong>29.11.2015 20.00<\/strong><br \/>Adventgottesdienst Evangelische Kirche <strong>Gachnang<br \/><\/strong>Sopransolo mit Kirchenchor Gachnang<strong><br \/><\/strong><\/p><p><strong>15.11.2015 11.00<\/strong><br \/>Kantatengottesdienst Klosterkirche <strong>Wettingen<\/strong><br \/>O felicissimus paradisi aspectus,<br \/>Kantate Joh. Rosenm\u00fcller,<br \/>Solosopran &amp; Royalconsort.<\/p><p><strong>15.11.2015 09.30<\/strong><br \/>Kantatengottesdienst St. Anton Kirche <strong>Wettingen<\/strong><br \/>O felicissimus paradisi aspectus,<br \/>Kantate Joh. Rosenm\u00fcller,<br \/>Solosopran &amp; Royal Consort Kammerbes.<\/p><p><strong>13.11.2015 19.00 Rest. B\u00e4ren Bazenheid<\/strong><br \/>Appenzellerabend. Jodel mit Akkordeon (ab ca. 20:00)<\/p><p><strong>04.09 2015 14.30<\/strong><br \/>Konzert (Volksmusik) Neutal Berlingen<\/p><p><strong>29.08.2015<\/strong><br \/>Hochzeit Stammheim<\/p><p><strong>01.08.2015<\/strong><br \/>1. Augustfeier La Residence, Schaffhausen<\/p><p><strong>27.06.2015<\/strong><br \/>Jodlerfest Sarnen, Solojodel &amp; Freier Vortrag<\/p><p><strong>20.06.2015<\/strong><br \/>Jodlerfest Halsle-R\u00fcegsau<\/p><p><strong>23.05.2015<\/strong> n. offen<\/p><p><strong>12.04.2015 ab 14.30<\/strong><br \/>musikalische Einweihung Thurtalstrasse 34 f, 8450 Andelfigen<\/p><p><strong>29.03.2014 09.30<\/strong><br \/>Gottesdienst Palmsonntag <br \/>Sopransolo mit Kirchenchor Gachnang<\/p><p><strong>28.02.15 G\u00fcterhof 20:00-22:00<\/strong><br \/>Fondue und Jodel im G\u00fcterhof Schaffhausen<\/p><p><strong>31.01.15 G\u00fcterhof 20:00-22:00<\/strong><br \/>Fondue und Jodel im G\u00fcterhof Schaffhausen<\/p><\/div>\n\t\t\t\t<\/div>\n\t\t\t\t\t\t\t<div class=\"elementor-accordion-item\">\n\t\t\t\t\t<div id=\"elementor-tab-title-31011\" class=\"elementor-tab-title\" tabindex=\"31011\" data-tab=\"11\" role=\"tab\" aria-controls=\"elementor-tab-content-31011\">\n\t\t\t\t\t\t\t\t\t\t\t\t<span class=\"elementor-accordion-icon elementor-accordion-icon-left\" aria-hidden=\"true\">\n\t\t\t\t\t\t\t<i class=\"elementor-accordion-icon-closed fa fa-plus\"><\/i>\n\t\t\t\t\t\t\t<i class=\"elementor-accordion-icon-opened fa fa-minus\"><\/i>\n\t\t\t\t\t\t<\/span>\n\t\t\t\t\t\t\t\t\t\t\t\t2014\t\t\t\t\t<\/div>\n\t\t\t\t\t<div id=\"elementor-tab-content-31011\" class=\"elementor-tab-content elementor-clearfix\" data-tab=\"11\" role=\"tabpanel\" aria-labelledby=\"elementor-tab-title-31011\"><p><strong>24.12.14 22:00 Uhr<\/strong><br \/>evang. Benken<\/p><p><strong>24.12.14 18:00 Uhr<\/strong><br \/>evang. Kirche Gachnang<\/p><p><strong>Fr 12.12.14<\/strong><br \/>Weihnnachtsessen B\u00fclach privatanlass<\/p><p><strong>So 07.12.14<\/strong><br \/>16:00 Adventskonzert Evangelische Kirche Gachnang <br \/>Engelst\u00f6ne himmelskl\u00e4nge, Die englische Botschaft in Lied und Musik aus Volksmusik, Klassik und Unterhaltung. Projektleitung und Sopran Margarita M\u00f6ri Fehr (Gitta)<\/p><p><strong>1.08.2014 <\/strong><br \/>ca. 15.00 -17.00 La Residence Schaffhausen<\/p><p><strong>03.-06.07.2014 <\/strong><br \/>Eidgen\u00f6ssisches Jodlerfeste 2014<br \/>DAVOS n\u00e4here Angaben folgen<\/p><p><strong>9.5.2014\u00a0 20:00<\/strong><br \/>WASSERRADFOYER <br \/>GREUTERHOF ISLIKON<br \/>Res. erw\u00fcnscht:<br \/>Tel. 052 375 12 35<br \/><em>Das Konzert ist \u00f6ffentlich, es besteht keine Verpflichtung zum Essen.<\/em><\/p><p><strong>23.3.2014<\/strong><br \/>Stubete Schwert Stammheim (Mitwirkende Tag der Kranken)<\/p><p><strong>1<\/strong><strong>1.3.2014<\/strong><br \/>Ankengasse ZH mit A. Rickenbacher Akkordeon (Musik mit Herz)<\/p><p><strong>02.03.2014 <\/strong><br \/>Klara Dietiker Pflegeheim Stein am Rhein<\/p><p><strong>02.03.2014 <\/strong><br \/>Tag der Kranken Pflegeheim R\u00fcti in Sirnach<\/p><p><strong>01.03.2014<\/strong><br \/>Jahresversammlung Alpenwelle.<\/p><p><strong>Laufend<\/strong><br \/>Spontane Live Stubete Auftritte<br \/>03.01.2014 J\u00e4gerst\u00fcbli Wildhaus<br \/>07.01.2014 Rest. R\u00f6ssli Bernhardzell<br \/>10.01.2014 Rest. Babental<br \/>H\u00e4ngt von der vor Ort verf\u00fcgbaren Begleitung ab.<\/p><\/div>\n\t\t\t\t<\/div>\n\t\t\t\t\t\t\t<div class=\"elementor-accordion-item\">\n\t\t\t\t\t<div id=\"elementor-tab-title-31012\" class=\"elementor-tab-title\" tabindex=\"31012\" data-tab=\"12\" role=\"tab\" aria-controls=\"elementor-tab-content-31012\">\n\t\t\t\t\t\t\t\t\t\t\t\t<span class=\"elementor-accordion-icon elementor-accordion-icon-left\" aria-hidden=\"true\">\n\t\t\t\t\t\t\t<i class=\"elementor-accordion-icon-closed fa fa-plus\"><\/i>\n\t\t\t\t\t\t\t<i class=\"elementor-accordion-icon-opened fa fa-minus\"><\/i>\n\t\t\t\t\t\t<\/span>\n\t\t\t\t\t\t\t\t\t\t\t\t2013\t\t\t\t\t<\/div>\n\t\t\t\t\t<div id=\"elementor-tab-content-31012\" class=\"elementor-tab-content elementor-clearfix\" data-tab=\"12\" role=\"tabpanel\" aria-labelledby=\"elementor-tab-title-31012\"><p><strong>Jodlerfeste 2013<\/strong><br \/>TRAMLEAN<br \/>Sa. 15.06.2013 19:08 Lokal 2<\/p><p>WATTWIL<br \/>Sa. Morgen 06.07.2013 <br \/>09:08 Lokal C Duett<br \/>11:08 Lokal C Einzel<\/p><p><strong>Laufend<\/strong><br \/>Spontane Stubete Auftritte<\/p><p><strong>26.01.2013<\/strong><br \/>Diplomfeier HIAG \/ Geschl. Ges.\u00a0<\/p><p><strong>26.\/27.01.2013<\/strong><br \/>Vorsingen f\u00fcr TV<\/p><p><strong>02.03.2013<\/strong><br \/>\u00c4lplibar, Ankengasse 5, Z\u00fcrich<\/p><p><strong>04.03.2013<\/strong><br \/>Tag der Kranken Pflegeheim R\u00fcti in Sirnach<\/p><p><strong>20.04.2013<\/strong><br \/>Geburtstagsfeier , Weinliederprogramm<\/p><p><strong>28.04.2013<\/strong><br \/>09.30 Gottesdienst, Berg am Irchel<br \/>\u201eAuf Palmarum\u201c f\u00fcr Blockfl\u00f6te, Sopran und Orgel<br \/>Kantate von G. F. Telemann<\/p><p><strong>28.04.2013<\/strong><br \/>Aufnahmen \u2013 Lontan &#8211; Rosenlieder<\/p><p><strong>02.05.2013<\/strong><br \/>Feierabendmusik Trio MMS Greuterhof Islikon 19.30 Uhr<br \/>Querfl\u00f6te, Sopran, Klavier, Romantische Lieder und Werke <br \/>von\u00a0 C. Gounod, F. Listz, E. Chausson u.a.<\/p><p><strong>03.05.2013<\/strong><br \/>19.30 Uhr FEIERABENDMUSIK Trio MMS<br \/>Meister Piano Schaffhausen s.<br \/>Querfl\u00f6te, Sopran, Klavier, Romantische Lieder und Werke <br \/>von\u00a0 C. Gounod, F. Listz, E. Chausson u.a.<\/p><p><strong>14.-16. 06.2013<\/strong><br \/>Tramelan BJKV<\/p><p><strong>21.-23.06.2013<\/strong><br \/>Reiden ZSJV<\/p><p><strong>05.-07.07.2013<\/strong><br \/>Jodlerfest Wattwil<\/p><p><strong>03.08.2013<\/strong><br \/>CS Ellikon an der Thur ab 17.00<br \/>Pferdesport, Alpenmusik &amp; Trachtenmode<\/p><p><strong>23.08.2013<\/strong><br \/>Alpchilbi Babental<\/p><p><strong>28.\/29.9.2013<\/strong><br \/>Herbstfest Landhausmode Paul Klauser Kollbrunn<br \/>Gitta 29.09. ca. 14.00 Uhr<\/p><p><strong>22.11.2013<\/strong><br \/>20.00 Babental, Schleitheim, Stubete VSV, Gitta mit \u201eLK Im Wildbach\u201c, <br \/>Wiederholung Auff\u00fchrung Eigenkomp. M. M\u00f6ri, \u201eEm Heiri sini Chilbi\u201c u.a.<\/p><p><strong>24.11.2013<\/strong><br \/>ca. 15.00 MZH Schlattingen, Stubete VSV, Gitta mit \u201eLK Im Wildbach\u201c, <br \/>Wiederholung Auff\u00fchrung Eigenkomp. M. M\u00f6ri, \u201eEm Heiri sini Chilbi\u201c u.a.<\/p><p><strong>29.11.2013<\/strong><br \/>ca. 20.00 Adler Herisau, Stubete spontan<\/p><p><strong>01.12.2013<\/strong><br \/>09.30 Ref. Kirche Thalheim, Umrahmung Gottesdienst Sopran Solo<br \/>20.00 Ref. Kirche Gachnang, Solo mit Kirchenchor 1.Advent Gottesdienst<\/p><p><strong>24.12.2013<\/strong><br \/>18:00 Ref. Kirche Gachnang, Adventandacht mit Kinder Projektchor<br \/>Leitung Gitta<br \/>22:00 kath. Kirche Embrach, Mitternachtsgottesdienst<br \/>Solo mit Kirchenchor, S\u00fcdamerikanische Weihnachten<\/p><\/div>\n\t\t\t\t<\/div>\n\t\t\t\t\t\t\t<div class=\"elementor-accordion-item\">\n\t\t\t\t\t<div id=\"elementor-tab-title-31013\" class=\"elementor-tab-title\" tabindex=\"31013\" data-tab=\"13\" role=\"tab\" aria-controls=\"elementor-tab-content-31013\">\n\t\t\t\t\t\t\t\t\t\t\t\t<span class=\"elementor-accordion-icon elementor-accordion-icon-left\" aria-hidden=\"true\">\n\t\t\t\t\t\t\t<i class=\"elementor-accordion-icon-closed fa fa-plus\"><\/i>\n\t\t\t\t\t\t\t<i class=\"elementor-accordion-icon-opened fa fa-minus\"><\/i>\n\t\t\t\t\t\t<\/span>\n\t\t\t\t\t\t\t\t\t\t\t\t2012\t\t\t\t\t<\/div>\n\t\t\t\t\t<div id=\"elementor-tab-content-31013\" class=\"elementor-tab-content elementor-clearfix\" data-tab=\"13\" role=\"tabpanel\" aria-labelledby=\"elementor-tab-title-31013\"><p><strong>21.01.2012 17.00<\/strong><br \/>Klassenkonzert Salve Regina-Leonardo Leo mit Kammerensemble<\/p><p>Klassik <br \/><strong>22.01.2012<\/strong><br \/>Konzert Schloss Altikon Spanische Romanzen Klassik<\/p><p><strong>24.01.2012<\/strong><br \/>Privat, Geburtstag Willi Jodel<\/p><p><strong>27.01.2012<\/strong><br \/>Privat, Trauerfeier Jda<\/p><p><strong>09.02.2012<\/strong><br \/>Privat, Geburtstag<\/p><p><strong>12.02.2012 09.30<\/strong><br \/>Kirche Benken ZH, Gottesdienst, Pop mit Orgel<\/p><p><strong>19.02.2012<\/strong><br \/>Stubete R\u00fcedlingen Jodel<\/p><p><strong>29.02.2012 ab 19.00<\/strong><br \/>Stubete Gutenswil, Jodel<\/p><p><strong>04.03.2012 17:00<\/strong><br \/>Konzert AlpenXang, Triboltingen Seestr.4<\/p><p><strong>16.03.2012 20.00<\/strong><br \/>Konzert AlpenXang, Schlosssaal Andelfingen von Jodel bis<br \/>alpenl\u00e4ndisch inspirierte CH-Klassikhits<\/p><p><strong>24.03.2012 ca. 20.30 <\/strong><br \/><strong>Fr\u00fchlingsfest <\/strong>Landhausmode Paul Klauser, Kollbrunnn<\/p><p><strong>25.03.2012 15.45<\/strong><br \/>Serenade Altersheim Sattelbogen Bischofszell<br \/><strong><br \/>19.04.2012 19.30<\/strong><br \/>&#171;Wasserspiele&#187; Romantisches Klassik-Konzert Greuterhof<br \/>Islikon, Sopran, Fl\u00f6te, Klavier<\/p><p><strong>22.04.2012 <\/strong><br \/>&#171;Wasserspiele&#187; Romantisches Klassik-Konzert Greuterhof Islikon,<br \/>Sopran, Fl\u00f6te, Klavier<\/p><p><strong>09.06.2012<\/strong><br \/>Plaffeien Pfarrkirche Jodlerfest WSJV<\/p><p><strong>01.08.2012<\/strong> <strong>ab 19.00<\/strong><br \/>Bundesfeier Plaffeien FR<br \/>Solojodel- und Volkslieder mit Begleitung<\/p><p><strong>10.08.2012<\/strong><br \/>Plaffeien Pfarrkirche Jodlerfest WSJV<\/p><p><strong>14.10.2012, 9.30<\/strong><br \/>Erntedankgottesdienst, Evangelische Kirche Benken ZH<\/p><p><strong>21.10.2012, 15.00<\/strong><br \/>Alters- &amp; Pflegeheim <br \/>Dorfstr. 13,\u00a0 9125 Brunnadern<\/p><p><strong>8.11.2012<\/strong><br \/>Klassisches Vortragskonzert 20.00<br \/>Konservatorium Winterthur<br \/>T\u00f6ssertobelstrasse 1, Winterthur<\/p><p><strong>08.12.2012, 13.00<\/strong><br \/>Treffen MS Gesellschaft, ZH, D\u00fcbendorf<br \/><strong><br \/>09.12.2012 16.00<\/strong><br \/>Adventkonzert evang. Kirche Gachnang<\/p><p><strong>24.12.2012 22.00<\/strong><br \/>Heiligabendgottesdienst Rickenbach\/Winterthur<\/p><p><strong>Spontane Stubete Auftritte<\/strong><\/p><\/div>\n\t\t\t\t<\/div>\n\t\t\t\t\t\t\t<div class=\"elementor-accordion-item\">\n\t\t\t\t\t<div id=\"elementor-tab-title-31014\" class=\"elementor-tab-title\" tabindex=\"31014\" data-tab=\"14\" role=\"tab\" aria-controls=\"elementor-tab-content-31014\">\n\t\t\t\t\t\t\t\t\t\t\t\t<span class=\"elementor-accordion-icon elementor-accordion-icon-left\" aria-hidden=\"true\">\n\t\t\t\t\t\t\t<i class=\"elementor-accordion-icon-closed fa fa-plus\"><\/i>\n\t\t\t\t\t\t\t<i class=\"elementor-accordion-icon-opened fa fa-minus\"><\/i>\n\t\t\t\t\t\t<\/span>\n\t\t\t\t\t\t\t\t\t\t\t\t2011\t\t\t\t\t<\/div>\n\t\t\t\t\t<div id=\"elementor-tab-content-31014\" class=\"elementor-tab-content elementor-clearfix\" data-tab=\"14\" role=\"tabpanel\" aria-labelledby=\"elementor-tab-title-31014\"><p><strong>14.01.2011, 20:00<\/strong> <strong>Schloss Andelfingen<\/strong><br \/>Msikalische Weltreise <strong>&#171;Do Brasil em Suisa&#187;<br \/><\/strong>Margrita Moeri und Gaststudent Nillo Cunha Brasilien\u00a0<br \/>mit Liedern Arien,\u00a0Songs u.a.<\/p><p><strong>05.03.2011, 17:00, Saal Konservatorium T\u00f6ssertobelstr.1<\/strong><br \/>8400 Winterthur, Klassenkonzert Auff\u00fchrungspraxis mit Werken\u00a0aus &#171;HIMMELROSE&#187;<\/p><p><strong>26.03.2011, 20:00 Fr\u00fchlingsfest Paul Klauser, Kollbrunn<br \/><\/strong>Details s. <a href=\"http:\/\/www.landhausmode.ch\" target=\"_blank\" rel=\"noopener\">&gt;Landhausmode<\/a> Paul Klauser<\/p><p><strong>07.05.2011, 17:00, Villa Rychenbergstr. 82, Musiksaal<br \/><\/strong>Konservatorium &amp; ZHdK, 8400 Winterthur<br \/>Liedromantik f\u00fcr Klarinette,\u00a0Sopran &amp; Klavier\u00a0mit Kunstbetrachtungen von Gabriel von Katzenstein<\/p><p><strong>21.05.2011, 17:00, <\/strong>Ochsen Roggwil, VSV Stubete<\/p><p><strong><em>18.06.2011,<\/em><\/strong><em>\u00a0Auftritt Eidgen. Jodlerfest 2011<br \/>Zeit 09:00 Einzel \/ 09:46 Duett<\/em><\/p><p><strong><em>25.06.2011,<\/em><\/strong><em>\u00a0Auftritt Vorausscheidung Alpengrandprix Samnaun mit Eigenkomposition<br \/>Zeit offen<\/em><\/p><p><strong><em>28.06.2011,\u00a019.30\u00a0<\/em><\/strong><em>&#171;Liedromantik im Schloss&#187;, <strong>&#171;Seit ich ihn gesehen&#187;<\/strong>.<br \/>Romantische Sommersoir\u00e9e der Klasse &#171;Auff\u00fchrungspraxis f\u00fcr alte\u00a0Musik&#187;<br \/>Konservatorium Winterthur &amp; ZHdK im Schloss Andelfingen.<\/em><\/p><p><strong><em>10.07.2011, 15:30<\/em><\/strong><em> Kirche Albisrieden\u00a0Z\u00fcrich,\u00a0Kirchenfest<\/em><\/p><p><strong><em>30.07.2011,\u00a0zw. ca.18:00 &amp; 20:00, <\/em><\/strong><em>Concours Ellikon an der Thur. Volks- und Jodelliedeinlagen mit dem bekannten H\u00fcttentrio aus dem Allg\u00e4u. Vom 29.07. &#8211; 01. August 2011, w\u00e4hrend vier Tagen, fairen und interessanten Sport. Sie sind als Zuschauer oder Sportler herzlich engeladen, das Spring- und Fahrturnier zu besuchen.<\/em><\/p><p><em><strong>03.09.2011,\u00a020:00, Jubil\u00e4um Wasenwachser Wiesendangen\u00a0<\/strong> Es wirken mit: Gasts\u00e4ngerin <strong>Gitta,<\/strong>\u00a0Finalistin im Alpengrandprix 2011\u00a0in Meran<strong>,\u00a0<\/strong>mit solistischen Operetten- &amp; Jodeleinlagen.<\/em><\/p><p><em><strong>08.09.2011,\u00a021:00<\/strong> Musikantenstadel CSI\u00a0Humlikon<\/em><\/p><p><strong><em>24.09.\/25.09.2011,<\/em><\/strong><em> Herbstfest Landhausmode Paul Klauser,\u00a0<\/em><br \/>\u00a0\u00a0\u00a0\u00a0\u00a0\u00a0\u00a0\u00a0\u00a0\u00a0\u00a0\u00a0\u00a0\u00a0\u00a0 <em>Kollbrunn Finalist Alpengrandprix 2011 Meran<br \/>\u00a0\u00a0\u00a0\u00a0\u00a0\u00a0\u00a0\u00a0\u00a0\u00a0\u00a0\u00a0\u00a0\u00a0\u00a0 <a href=\"http:\/\/www.landhausmode-shop.ch\/\" target=\"_blank\" rel=\"noopener\">landhausmode.ch<\/a> \u00a0<a href=\"http:\/\/uelis-wunschkonzert.com\/\" target=\"_blank\" rel=\"noopener\">uelis-wunschkonzert.com<\/a> <\/em><\/p><p><strong>07.10.2011, ab 20.00<\/strong> Sch\u00fctzenhaus Romanshorn, Stubete<br \/><em><br \/><\/em><strong>14.10.2011, 20:30<\/strong> Kursaal MERAN-Finalistin Alpen Grand Prix der\u00a0<br \/>\u00a0\u00a0\u00a0\u00a0\u00a0\u00a0\u00a0\u00a0\u00a0\u00a0\u00a0\u00a0\u00a0\u00a0\u00a0\u00a0\u00a0\u00a0Volksmusik mit\u00a0dem eingenen Titel &#171;Mys L\u00e4ndli&#187;<\/p><p><strong>30.10.2011<\/strong>\u00a0Stubete VSV Schlatt<\/p><p><strong>23.11.2011<\/strong> Interview bei Radio Munot<\/p><p><strong>24.12.2011, 22.00<\/strong> Andelfingen, Mitternachtsgottesdienst<\/p><p><strong>25.12.2011, 10.00\u00a0 <\/strong>kath. Kirche Gachnang Sopran-Solo Messe <br \/>\u00a0\u00a0\u00a0\u00a0\u00a0\u00a0\u00a0\u00a0\u00a0\u00a0\u00a0\u00a0\u00a0\u00a0\u00a0\u00a0\u00a0\u00a0 in C\u00a0von\u00a0A. Diabelli mit dem kath. Kirchenchor<br \/>\u00a0\u00a0\u00a0\u00a0\u00a0\u00a0\u00a0\u00a0\u00a0\u00a0\u00a0\u00a0\u00a0\u00a0\u00a0\u00a0\u00a0 \u00a0Ltg. Eva Husmann<\/p><\/div>\n\t\t\t\t<\/div>\n\t\t\t\t\t\t\t<div class=\"elementor-accordion-item\">\n\t\t\t\t\t<div id=\"elementor-tab-title-31015\" class=\"elementor-tab-title\" tabindex=\"31015\" data-tab=\"15\" role=\"tab\" aria-controls=\"elementor-tab-content-31015\">\n\t\t\t\t\t\t\t\t\t\t\t\t<span class=\"elementor-accordion-icon elementor-accordion-icon-left\" aria-hidden=\"true\">\n\t\t\t\t\t\t\t<i class=\"elementor-accordion-icon-closed fa fa-plus\"><\/i>\n\t\t\t\t\t\t\t<i class=\"elementor-accordion-icon-opened fa fa-minus\"><\/i>\n\t\t\t\t\t\t<\/span>\n\t\t\t\t\t\t\t\t\t\t\t\t2010\t\t\t\t\t<\/div>\n\t\t\t\t\t<div id=\"elementor-tab-content-31015\" class=\"elementor-tab-content elementor-clearfix\" data-tab=\"15\" role=\"tabpanel\" aria-labelledby=\"elementor-tab-title-31015\"><p><strong>22.01.2010, 11.00 Uhr<\/strong><br \/>Trauergottesdienst Ruedi Bieri, Oberbipp<\/p><p><strong>6.02.2010, 17.00 Uhr <\/strong><br \/>Vortragsstunde Klasse f\u00fcr alte Musik, William Dickinson<br \/>Konservatorium Winterthur, T\u00f6ssertobelstr. 1<\/p><p><strong>Ostern\u00a004.04.2010, 09.30 Uhr<\/strong><br \/>Evangelische Kirche Gachnang, Ensemble KMU<\/p><p><strong>Pfingstsonntag 2010, 09.30 Uhr<\/strong><br \/>Evangelische Kirche Gachnang<\/p><p><strong>11.06.2010\u00a0Wettbewerb Laufen <\/strong><br \/><strong>Zeit\u00a019:18<\/strong>, christkatholische Kirche<\/p><p><strong>18.06.2010\u00a0Wettbewerb Langenthal<br \/>Zeit 19:28 <\/strong>reformierte Kirche<\/p><p><strong>02.07.2010\u00a0Wettbewerb Schaffhausen<br \/>19:10,<\/strong> Kirche St. Johann, Einzel<br \/><strong>21:22, <\/strong>Kirche St. Maria, Duett mit Conny Huser<\/p><p><strong>08.07.2010 Konservatorium Winterthur<\/strong><br \/><strong>20:00 <\/strong>Sch\u00fclerkonzert Klasse &#171;Alte Musik&#187;<\/p><p><strong>11.09.2010, evangelische Kirche Gachnang<\/strong><br \/><strong>13:00<\/strong> Trauung<\/p><p><strong>18.09.2010, JodelXang Alpenmade<br \/><\/strong><strong>17:00<\/strong> Hauskonzert Winterthur<\/p><p><strong>19.09.2010, evangelische Kirche Benken ZH<\/strong><br \/><strong>09:30<\/strong> Bettags-Gottesdienst &#8211;\u00a0Wonderful World &#8211;<br \/>mit Margarita Moeri,Vocals, Sevil Kl\u00f6ti:\u00a0Orgel<\/p><p><strong>10.10.2010, evangelische Kirche Benken<\/strong><br \/><strong>09:30<\/strong> Erntedank-Gottesdienst, JodelXang Alpenmade.<br \/>Swiss Jodelladies &#171;Alpenmaides&#187;<\/p><p><strong>18.12.2010, evangelische Kirche Diessenhofen TG<br \/>19.30<\/strong>\u00a0&#171;HIMMELSROSE&#187; Konzert mit Vox Animata, Margarita Moeri, Sopran, Myriam Hidber, Querfl\u00f6te, Trio Vidin, Bulgarien,\u00a0Violinen &amp; Violoncello, Gisela St\u00e4heli Orgel.<\/p><p><strong>24.12.2010, evangelische Kirche Berg am Irchel<br \/>22:00<\/strong> Gottesdienst<\/p><\/div>\n\t\t\t\t<\/div>\n\t\t\t\t\t\t\t<div class=\"elementor-accordion-item\">\n\t\t\t\t\t<div id=\"elementor-tab-title-31016\" class=\"elementor-tab-title\" tabindex=\"31016\" data-tab=\"16\" role=\"tab\" aria-controls=\"elementor-tab-content-31016\">\n\t\t\t\t\t\t\t\t\t\t\t\t<span class=\"elementor-accordion-icon elementor-accordion-icon-left\" aria-hidden=\"true\">\n\t\t\t\t\t\t\t<i class=\"elementor-accordion-icon-closed fa fa-plus\"><\/i>\n\t\t\t\t\t\t\t<i class=\"elementor-accordion-icon-opened fa fa-minus\"><\/i>\n\t\t\t\t\t\t<\/span>\n\t\t\t\t\t\t\t\t\t\t\t\t2009\t\t\t\t\t<\/div>\n\t\t\t\t\t<div id=\"elementor-tab-content-31016\" class=\"elementor-tab-content elementor-clearfix\" data-tab=\"16\" role=\"tabpanel\" aria-labelledby=\"elementor-tab-title-31016\"><p><strong>25.12.2009, 09.30 Uhr <\/strong><br \/>Weihnachtsgottesdienst evangelische Kirche Andelfingen,<br \/>Vokalwerkstatt Vox Animata (FrauenART);Margarita Moeri, Sopran, Katharina K\u00fchne, Mezzosopran<br \/>Mariella Studer Hug, Orgel<\/p><p><strong>24.12.09 22.00<\/strong><br \/>Heiligabend Gottesdienst evangelische Kirche Benken ZH<\/p><p><strong>15.12 09 16.30<\/strong><br \/>Advent Orgelvesper Stadtkirche Frauenfeld &#171;Ave Maria&#187;<\/p><p><strong>10.12.09 17.00 <\/strong><br \/>Weihnachtsvesper Seniorenzentrum Wiesengrund mit<br \/>Auff\u00fchrungspraxis Kons. Winterthur<\/p><p><strong>06.12.2009, 17.00 Uhr <\/strong> <br \/>Evangelische Kirche Gachnang<br \/>Adventkonzert mit Vox Animata (FrauenART)<\/p><p><strong>21.Nov. 2009,<\/strong> Klassenstunde <br \/>Auff\u00fchhrungspraxis Konservatorium Winterthur<\/p><p><strong>02.08.2009 <\/strong> Ellikon a. d. Thur<br \/>Reitergottesdienst, Musikalische Umrahmung mit Volkslied-Duetten <br \/>mit Solojodlerinnen Margarita und Christina<\/p><p><strong>28.Juni 2009,<\/strong> Klassenstunde <br \/>Auff\u00fchhrungspraxis Konservatorium Winterthur<\/p><p><strong>27.06.2009 <\/strong> Hochzeit<\/p><p><strong>26.06.2009 <\/strong> Solo-Wettvortag Jodlerfest Dagmersellen<br \/>Erreichte Punktzahl <strong> 2<\/strong><\/p><p><strong>14.06. 2009 <\/strong> Solo-Wettvortag Jodlerfest Gstaad<br \/>Erreichte Punktzahl <strong> 2<\/strong><\/p><p><strong> 23.05 2009 <\/strong> Hochzeit<\/p><p><strong>Karfreitag 2009 <\/strong> 09.30 Uhr<br \/>Gottesdienst evangelische Kirche Gachnang <br \/>Sopran-Solo mit Kammerendsemble<strong><br \/><\/strong><\/p><\/div>\n\t\t\t\t<\/div>\n\t\t\t\t\t\t\t<div class=\"elementor-accordion-item\">\n\t\t\t\t\t<div id=\"elementor-tab-title-31017\" class=\"elementor-tab-title\" tabindex=\"31017\" data-tab=\"17\" role=\"tab\" aria-controls=\"elementor-tab-content-31017\">\n\t\t\t\t\t\t\t\t\t\t\t\t<span class=\"elementor-accordion-icon elementor-accordion-icon-left\" aria-hidden=\"true\">\n\t\t\t\t\t\t\t<i class=\"elementor-accordion-icon-closed fa fa-plus\"><\/i>\n\t\t\t\t\t\t\t<i class=\"elementor-accordion-icon-opened fa fa-minus\"><\/i>\n\t\t\t\t\t\t<\/span>\n\t\t\t\t\t\t\t\t\t\t\t\t2008\t\t\t\t\t<\/div>\n\t\t\t\t\t<div id=\"elementor-tab-content-31017\" class=\"elementor-tab-content elementor-clearfix\" data-tab=\"17\" role=\"tabpanel\" aria-labelledby=\"elementor-tab-title-31017\"><p><strong>25.12.2008, <\/strong>09.30 Uhr,<br \/><strong>Spatzenmesse <\/strong> Sopransolo<br \/>Weihnachtsgottesdienst katholische kirche Kirche Jonschwil SG<\/p><p><strong>24.12.2008, <\/strong>22.00 Uhr,<br \/>evangelische Kirche Rickenbach b\/Winterthur <br \/>Mitternachtsgottesdienst. Sopran-Solo und Orgel<\/p><p><strong>07.12.2008, <\/strong>09.30 Uhr,<br \/>kath. Kirche St. Anton, Neptunstr. 70 Z\u00fcrich (Hottingen) <br \/><strong>&#171;Mys H\u00e4rz frohlockt,&#187; <\/strong> Toggenburger Marienmesse, Peter Roth <br \/>Sopran Solistenenterzett<\/p><p><strong>29.11.2008, <\/strong> Restaurant Frohsinn, Rafz, ab 18.30 Uhr,<br \/><strong>Wine&amp;Dine&#187; <\/strong> 20 Jahre Baur Weine <br \/><strong>&#171;Weinsinnig&#187; <\/strong> Lieder und Arien von leichter Klassik bis Unterhaltung,<\/p><p><strong>28. Sept. 2008<br \/><\/strong> 20.00 Uhr, evang.Kirche Rafz<br \/><strong>&#171;Mys H\u00e4rz frohlockt,&#187; <\/strong> Toggenburger Marienmesse, Peter Roth <br \/>Mitwirkung Solistenenterzett<\/p><p><strong>21. Sept. 2008, <\/strong> 20.00 Uhr, evang. Kirche Elgg<br \/><strong>&#171;Mys H\u00e4rz frohlockt,&#187; <\/strong> Toggenburger Marienmesse, Peter Roth <br \/>Mitwirkung Solistenenterzett<\/p><p><strong>13. Juni 2008<\/strong> 19.30 Uhr<br \/><strong>Rosenserenade <\/strong> Er\u00f6ffnung Rosentage bei &#171;Rosenduft und Dornen&#187;<br \/>Claudia und Rolf Althaus, Strass, 8500 Frauenfeld<\/p><p><strong>31.05.2008 <\/strong> 17.30 <br \/>evang. Kirche Andelfingen, Jubil\u00e4um M\u00e4nnerchor Andelfingen<br \/>Mitwirkung als Solistin<\/p><p><strong>11.Mai 2008<\/strong> 09.30 Uhr<br \/>Gottesdienst Gachnang Pfingsten und Muttertag<\/p><p><strong>27.04.2008, <\/strong>20.00 Uhr<br \/>evang.Kirche Marthalen<br \/><strong>&#171;Mys H\u00e4rz frohlockt,&#187; <\/strong> Toggenburger Marienmesse, Peter Roth <br \/>Mitwirkung Solistenenterzett<\/p><p><strong>20.04.2008, <\/strong>20.00 Uhr<br \/>evang. Kirche Gachnang <br \/><strong>&#171;Mys H\u00e4rz frohlockt,&#187; <\/strong> Toggenburger Marienmesse, Peter Roth <br \/>Mitwirkung Solistenenterzett<\/p><p><strong>05. April 2008 <\/strong><br \/>Trauung, Privatanlass<\/p><p><strong>23. M\u00e4rz 2008<\/strong> 10.00 Uhr<br \/>Gottesdienst Andelfingen<\/p><p><strong>21. M\u00e4rz 2008<\/strong> 09.30 Uhr<br \/>Gottesdienst Gachnang<\/p><p><strong>20. Jan. 2008, <\/strong><br \/>Wettbewerb Frankfurt am Main<\/p><\/div>\n\t\t\t\t<\/div>\n\t\t\t\t\t\t\t<div class=\"elementor-accordion-item\">\n\t\t\t\t\t<div id=\"elementor-tab-title-31018\" class=\"elementor-tab-title\" tabindex=\"31018\" data-tab=\"18\" role=\"tab\" aria-controls=\"elementor-tab-content-31018\">\n\t\t\t\t\t\t\t\t\t\t\t\t<span class=\"elementor-accordion-icon elementor-accordion-icon-left\" aria-hidden=\"true\">\n\t\t\t\t\t\t\t<i class=\"elementor-accordion-icon-closed fa fa-plus\"><\/i>\n\t\t\t\t\t\t\t<i class=\"elementor-accordion-icon-opened fa fa-minus\"><\/i>\n\t\t\t\t\t\t<\/span>\n\t\t\t\t\t\t\t\t\t\t\t\t2007\t\t\t\t\t<\/div>\n\t\t\t\t\t<div id=\"elementor-tab-content-31018\" class=\"elementor-tab-content elementor-clearfix\" data-tab=\"18\" role=\"tabpanel\" aria-labelledby=\"elementor-tab-title-31018\"><p><strong>09. Dezember 2007,<\/strong> 17.00 Uhr<br \/><strong>evangelische Kirche Gachnang<\/strong><br \/>Adventkonzert mit Kammerensemble<\/p><p><strong>14. September 2007,<\/strong>18.30 Uhr<br \/><strong>CD-Taufe &#187; Die Natur ist dir treu&#187;, <\/strong> <br \/>Im Wasserradfoyer, Stiftung Greuterhof Islikon, <br \/>18.30 Apero, ca. 19.00 Pr\u00e4sentation aus dem Inhalt <br \/>Eine thurgauische Urproduktion und Eigenproduktion von M. M\u00f6ri<br \/>Vertonungen von Peter Escher und Allan Rosenheck<br \/>nach Texten von Lili Keller, gesungen von Margarita M\u00f6ri am Fl\u00fcgel begleitet von David Lang<\/p><p><strong>14. Aug 2007, <\/strong>20.15 Uhr<br \/><strong>Galerie Rebh\u00fc\u00fcsli, Kreuzlingen<\/strong><br \/>gesangliche Umrahmung Lesung Lili Keller<\/p><p><strong>05. August 2007,<\/strong>10.15 Uhr<br \/><strong>Ellikon a.d.Thur, Fahrturnier und Jubil\u00e4um 750 Jahre Ellikon a. der Thur<\/strong><br \/>musikalische Gestaltung Feldgottesdienst<\/p><p><strong>27. Mai 2007 09.30 Uhr <\/strong><br \/>evangelisch ref. Kirche Gachnang<br \/>musikalische Gestaltung Pfingstgottesdienst<\/p><p><strong>18. Mai 2007, 20.00 Uhr <br \/>19. Mai 2007, Achtung neu 18.30 Uhr ,<\/strong> Zeit <br \/><strong>Stadttheater Schaffhausen<\/strong> Solistin Operette<br \/>Jubil\u00e4um Operettenb\u00fchne Schaffhausen, Bilettverkauf Stadttheater Schaffhausen<\/p><p><strong>24. M\u00e4rz 2007,<\/strong> 19.30 Uhr<br \/><strong>Restaurant Schloss Seeburg Kreuzlingen<\/strong><br \/>Madrigale a-capella zu Mittelaltermal mit dem Ensemble FrauenART<\/p><p><strong>07. Januar 2007,<\/strong> 11.00 Uhr<br \/><strong>Museeum zum Lindwurm Stein am Rhein, <\/strong><br \/>DIchterlesung mit Lili Keller, Haiku Vertonungen von Peter Escher,<br \/>gesungen von Margarita M\u00f6ri, Sopran<strong><br \/><\/strong><\/p><\/div>\n\t\t\t\t<\/div>\n\t\t\t\t\t\t\t<div class=\"elementor-accordion-item\">\n\t\t\t\t\t<div id=\"elementor-tab-title-31019\" class=\"elementor-tab-title\" tabindex=\"31019\" data-tab=\"19\" role=\"tab\" aria-controls=\"elementor-tab-content-31019\">\n\t\t\t\t\t\t\t\t\t\t\t\t<span class=\"elementor-accordion-icon elementor-accordion-icon-left\" aria-hidden=\"true\">\n\t\t\t\t\t\t\t<i class=\"elementor-accordion-icon-closed fa fa-plus\"><\/i>\n\t\t\t\t\t\t\t<i class=\"elementor-accordion-icon-opened fa fa-minus\"><\/i>\n\t\t\t\t\t\t<\/span>\n\t\t\t\t\t\t\t\t\t\t\t\t2006\t\t\t\t\t<\/div>\n\t\t\t\t\t<div id=\"elementor-tab-content-31019\" class=\"elementor-tab-content elementor-clearfix\" data-tab=\"19\" role=\"tabpanel\" aria-labelledby=\"elementor-tab-title-31019\"><p><strong>14. Dezember 2006,<\/strong> 20.00 Uhr<br \/><strong>Greuterhof, Islikon, private Veranstaltung, musikalische Umrahmung<\/strong><br \/>FrauenART, M. M\u00f6ri, Sopran, G. St\u00e4heli, Klavier<\/p><p><strong>03. Dezember 2006,<\/strong> 20.00 Uhr<br \/><strong>Adventgottesdienst evang. Kirche Gachnang<\/strong><br \/>u. a. Laudate Dominum, W. A. Mozart<\/p><p><strong>26. November 2006 <\/strong> 09.30 Uhr<br \/><strong>evang. Kirche Seuzach<\/strong><br \/>Gottesdienst Musik Ensemble FrauenART<\/p><p><strong>19. November 2006, Achtung neu, <\/strong>19.00 Uhr <strong>nicht <\/strong>17.00 Uhr!!!!!<br \/>evangelische Kirche <strong>Ober-Neunforn TG, <\/strong><br \/>Ensemble FrauenART &#171;C\u00e4cilientag und Mozartjahr&#187;<br \/>Konzert zum 10-j\u00e4hrigen Jubil\u00e4um der Einheitsgemeinde Neunforn<\/p><p><strong>22. Oktober 2006,<\/strong>10.30 Uhr, Druckerei Steckborn<br \/><strong> Buchvernissage von Lili Keller<\/strong><br \/>Solo-Vortrag von Haiku Vertonungen von Peter Escher nach Texten von Lili Keller<\/p><p><strong> 07.Sept. 2006, <\/strong> 18.00 Uhr<br \/><strong>Mus.-schule &amp; Konserv. Winterthur, T\u00f6ssertobelstr. 1<\/strong><br \/>Vortragsstunde Klasse Auff\u00fchrungspraxis W. Dickinson<\/p><p><strong>18. Juni 2006,<\/strong> 19.00 Uhr<br \/><strong>Aula Schulhaus Hopfengarten (HOGA), Stein am Rhein<\/strong><br \/>Dichterlesung und Schweizer Urauff\u00fchrung von vertonter Lyrik von Lili Keller durch Allan Rosenheck<\/p><p><strong>15. Juni 2006,<\/strong> 18.30 Uhr<br \/><strong>Konzertsaal Sen. Zentrum Wiesengrund, Winterthur<\/strong> W\u00fclflingerstr. 7 <br \/><strong>Fl\u00fcgelzauber<\/strong>, Lieder und Poesie mit FrauenART<br \/>M. M\u00f6ri Fehr, Sopran, Gerda Zangger, Texte, Gisela St\u00e4heli, Klavier<\/p><p><strong>14. Mai 2006,<\/strong> 13.00 -16.00 Uhr<br \/><strong>Madrigale auf Schloss Kyburg<\/strong><br \/>Ensemble FrauenART<\/p><p><strong>07.Mai 2006, <\/strong> 11.00 Uhr<br \/><strong>Lyrik-Lesung im Turmhof Steckborn,<\/strong><br \/>Auf- und Urauff\u00fchrungen von Vertonungen von Lili Keller durch Peter Escher<br \/>Margarita M\u00f6ri, Gesang, David Lang, Klavier<\/p><p><strong>14. April, 2006,<\/strong> 09.30 Uhr, Karfreitagsandacht <br \/>Stabat Mater von G. B. Pergolesi, Kirche Berg am Irchel<\/p><p><strong>08. April, 2006,<\/strong> 16.45 Uhr, Abendmusik mit Text <br \/>Stabat Mater von G. B. Pergolesi, Kirche Krinau, Toggenburg<\/p><p><strong>25. M\u00e4rz 2006,<\/strong> ab 19.00 Uhr<br \/>Soir\u00e9e mit Dinner, Restaurant Seeburg, Kreuzlingen, Reservation notwendig<strong><br \/><\/strong><\/p><\/div>\n\t\t\t\t<\/div>\n\t\t\t\t\t\t\t<div class=\"elementor-accordion-item\">\n\t\t\t\t\t<div id=\"elementor-tab-title-31020\" class=\"elementor-tab-title\" tabindex=\"31020\" data-tab=\"20\" role=\"tab\" aria-controls=\"elementor-tab-content-31020\">\n\t\t\t\t\t\t\t\t\t\t\t\t<span class=\"elementor-accordion-icon elementor-accordion-icon-left\" aria-hidden=\"true\">\n\t\t\t\t\t\t\t<i class=\"elementor-accordion-icon-closed fa fa-plus\"><\/i>\n\t\t\t\t\t\t\t<i class=\"elementor-accordion-icon-opened fa fa-minus\"><\/i>\n\t\t\t\t\t\t<\/span>\n\t\t\t\t\t\t\t\t\t\t\t\t2005\t\t\t\t\t<\/div>\n\t\t\t\t\t<div id=\"elementor-tab-content-31020\" class=\"elementor-tab-content elementor-clearfix\" data-tab=\"20\" role=\"tabpanel\" aria-labelledby=\"elementor-tab-title-31020\"><p><strong>04. Dezember 2005,<\/strong> 17.00 Uhr<br \/><strong>Adventkonzert<\/strong> evangelische Kirche Gachnang<br \/>Ensemble FrauenART<\/p><p><strong>05. November 2005,<\/strong> 14.00 Uhr<br \/><strong>Vortrags\u00fcbung,<\/strong> Konzertsaal Musikschule Winterthur, T\u00f6ssertobelstrasse1<\/p><p><strong>01. September 2005,<\/strong> 19.00 Uhr<br \/><strong>konztertante Vortrags\u00fcbung,<\/strong> Programm f\u00fcr CD-Aufnahmen<br \/>Saal der Musikschule T\u00f6ssertobelstr. 1, 8400 Winterthur<\/p><p><strong>27. August 2005,<\/strong> 13.00 Uhr, ref. Kirche Wiesendangen<br \/><strong> Hochzeit<\/strong>, Privatanlass<\/p><p><strong>20. August 2005, 19.30 Uhr<\/strong><br \/><strong>Schloss Andelfingen,<\/strong> Sommer-Serenade, Pasticio del&#8216; Estate<br \/>Ensemble M-ART<strong> &#171;La VocAria&#187;<\/strong><br \/>Margarita M\u00f6ri Fehr, Elisabeth Gr\u00fcndler, Sopran, Herbert Rutishauser, Tenor<br \/>Arien aus Musical, Oper und Operette<\/p><p><strong>30. Juli 2005,<\/strong><br \/><strong>Hochzeit,<\/strong> FrauenART,<br \/>M. M\u00f6ri Fehr Sopran, G. St\u00e4heli, Keyboard,<\/p><p><strong>19. Mai 2005,<\/strong> 09.30 Uhr<br \/><strong>Berg am Irchel,<\/strong> 10-Jahre Jubil\u00e4umsgottesdienst f\u00fcr Pfarrer H. P. Werren<\/p><p><strong> 08. Mai 2005,<\/strong> 10.00 Uhr<br \/><strong>Glockenfest Gachnang<\/strong><\/p><p><strong>10. April 2005, 20.00 Uhr, T\u00fcr\u00f6ffnung 19.30 Uhr<\/strong><br \/>evangelische <strong>Kirche Gachnang,<\/strong> Toggenburger Messe von Peter Roth<br \/><strong>Oekumenisches Benefizkonzert<\/strong> zu Gunsten SELAM Kinder <br \/>und Ausbildungszentrum in Addis Abeba, \u00c4thiopien<br \/>Dirigentin: Ruth Schaer, Sopransolo: M. M\u00f6ri Fehr, Instrumentalisten<\/p><p><strong>25. M\u00e4rz 2005, 09.30 Uhr<\/strong><br \/>evangelische <strong>Kirche Berg am Irchel,<\/strong> Karfreitags-Gottesdienst,<br \/>Ensemble <strong>FrauenART;<\/strong> M. M\u00f6ri Fehr Sopran, G. St\u00e4heli, Orgel<\/p><p><strong>11. M\u00e4rz 2005, 20.00 Uhr<\/strong><br \/>Schloss Andelfingen, <strong>&#171;Toca, Baile, Canto&#187;<\/strong><br \/>Canciones y Bailes Populares Espa\u00f1olas para Canto y Guitarra<br \/>mit dem Ensemble &#171;Adentro y Afuera&#187;<strong><br \/><\/strong><\/p><\/div>\n\t\t\t\t<\/div>\n\t\t\t\t\t<\/div>\n\t\t\t\t<\/div>\n\t\t\t\t<\/div>\n\t\t\t\t\t\t<\/div>\n\t\t\t<\/div>\n\t\t<\/div>\n\t\t\t\t\t\t<\/div>\n\t\t\t<\/div>\n\t\t<\/section>\n\t\t\t\t<div data-id=\"e0e2a2f\" class=\"elementor-element elementor-element-e0e2a2f elementor-widget elementor-widget-spacer\" data-element_type=\"spacer.default\">\n\t\t\t\t<div class=\"elementor-widget-container\">\n\t\t\t\t\t<div class=\"elementor-spacer\">\n\t\t\t<div class=\"elementor-spacer-inner\"><\/div>\n\t\t<\/div>\n\t\t\t\t<\/div>\n\t\t\t\t<\/div>\n\t\t\t\t<div data-id=\"1bbd608\" class=\"elementor-element elementor-element-1bbd608 elementor-widget elementor-widget-text-editor\" data-element_type=\"text-editor.default\">\n\t\t\t\t<div class=\"elementor-widget-container\">\n\t\t\t\t\t<div class=\"elementor-text-editor elementor-clearfix\"><p>Margarita M\u00f6ri &#8211; Thurtalstrasse 34f &#8211; 8450 Andelfingen &#8211; +0041\/79 612 76 39 &#8211; <a href=\"mailto:vocal@m-moeri.ch\">Email<\/a><\/p><\/div>\n\t\t\t\t<\/div>\n\t\t\t\t<\/div>\n\t\t\t\t\t\t<\/div>\n\t\t\t<\/div>\n\t\t<\/div>\n\t\t\t\t\t\t<\/div>\n\t\t\t<\/div>\n\t\t<\/section>\n\t\t\t\t<section data-id=\"d5059e0\" class=\"elementor-element elementor-element-d5059e0 elementor-section-boxed elementor-section-height-default elementor-section-height-default elementor-section elementor-top-section\" data-element_type=\"section\">\n\t\t\t\t\t\t<div class=\"elementor-container elementor-column-gap-default\">\n\t\t\t\t<div class=\"elementor-row\">\n\t\t\t\t<div data-id=\"80fffc6\" class=\"elementor-element elementor-element-80fffc6 elementor-column elementor-col-100 elementor-top-column\" data-element_type=\"column\">\n\t\t\t<div class=\"elementor-column-wrap\">\n\t\t\t\t\t<div class=\"elementor-widget-wrap\">\n\t\t\t\t\t\t<\/div>\n\t\t\t<\/div>\n\t\t<\/div>\n\t\t\t\t\t\t<\/div>\n\t\t\t<\/div>\n\t\t<\/section>\n\t\t\t\t\t\t<\/div>\n\t\t\t<\/div>\n\t\t<\/div>\n\t\t","protected":false},"excerpt":{"rendered":"<p>Home Empfehlung Agenda Programme Presse Links Musik Volksmusik CD Bilder Operette \/ Oper Madrigal Weinsinnig Studioaufnahmen Jodel Rosen Advent Kontakt 2025 Temple Del\u00e9mont24. Aout, 10:00 hCulte Bilingue et MusicalePasteur John EbbuttAccomp. par le Trio &#171;AlpenXang&#187; 2024 Culte a l\u2019\u00e9glise reform\u00e9e du Jura \u201cTemple\u201d Del\u00e9mont25.8.2024 10:00 La Group Yodleuse \u00abAlpenXang\u00bb de Gitta Moeri 2023 29.10.2023 19.30 &hellip; <a href=\"https:\/\/www.m-moeri.ch\/neu\/agenda\/\" class=\"more-link\"><span class=\"screen-reader-text\">&#8220;Agenda&#8221; <\/span>weiterlesen<\/a><\/p>\n","protected":false},"author":1,"featured_media":0,"parent":0,"menu_order":0,"comment_status":"closed","ping_status":"closed","template":"elementor_canvas","meta":{"footnotes":""},"class_list":["post-118","page","type-page","status-publish","hentry"],"_links":{"self":[{"href":"https:\/\/www.m-moeri.ch\/neu\/wp-json\/wp\/v2\/pages\/118","targetHints":{"allow":["GET"]}}],"collection":[{"href":"https:\/\/www.m-moeri.ch\/neu\/wp-json\/wp\/v2\/pages"}],"about":[{"href":"https:\/\/www.m-moeri.ch\/neu\/wp-json\/wp\/v2\/types\/page"}],"author":[{"embeddable":true,"href":"https:\/\/www.m-moeri.ch\/neu\/wp-json\/wp\/v2\/users\/1"}],"replies":[{"embeddable":true,"href":"https:\/\/www.m-moeri.ch\/neu\/wp-json\/wp\/v2\/comments?post=118"}],"version-history":[{"count":39,"href":"https:\/\/www.m-moeri.ch\/neu\/wp-json\/wp\/v2\/pages\/118\/revisions"}],"predecessor-version":[{"id":600,"href":"https:\/\/www.m-moeri.ch\/neu\/wp-json\/wp\/v2\/pages\/118\/revisions\/600"}],"wp:attachment":[{"href":"https:\/\/www.m-moeri.ch\/neu\/wp-json\/wp\/v2\/media?parent=118"}],"curies":[{"name":"wp","href":"https:\/\/api.w.org\/{rel}","templated":true}]}}